{"version":"1.0","provider_name":"Ecolatina","provider_url":"https:\/\/ecolatina.com\/en","author_name":"AppVisor Blog Bot","author_url":"https:\/\/ecolatina.com\/en\/author\/appvisorblogbot\/","title":"\u00bfCu\u00e1l es el horizonte del \u201cveranito cambiario\u201d? - Ecolatina","type":"rich","width":600,"height":338,"html":"<blockquote class=\"wp-embedded-content\" data-secret=\"i4kFSnoXF2\"><a href=\"https:\/\/ecolatina.com\/en\/2023\/12\/29\/cual-es-el-horizonte-del-veranito-cambiario\/\">\u00bfCu\u00e1l es el horizonte del \u201cveranito cambiario\u201d?<\/a><\/blockquote><iframe sandbox=\"allow-scripts\" security=\"restricted\" src=\"https:\/\/ecolatina.com\/en\/2023\/12\/29\/cual-es-el-horizonte-del-veranito-cambiario\/embed\/#?secret=i4kFSnoXF2\" width=\"600\" height=\"338\" title=\"&#8220;\u00bfCu\u00e1l es el horizonte del \u201cveranito cambiario\u201d?&#8221; &#8212; Ecolatina\" data-secret=\"i4kFSnoXF2\" frameborder=\"0\" marginwidth=\"0\" marginheight=\"0\" scrolling=\"no\" class=\"wp-embedded-content\"><\/iframe><script type=\"text\/javascript\">\n\/* <![CDATA[ *\/\n\/*! This file is auto-generated *\/\n!function(d,l){\"use strict\";l.querySelector&&d.addEventListener&&\"undefined\"!=typeof URL&&(d.wp=d.wp||{},d.wp.receiveEmbedMessage||(d.wp.receiveEmbedMessage=function(e){var t=e.data;if((t||t.secret||t.message||t.value)&&!\/[^a-zA-Z0-9]\/.test(t.secret)){for(var s,r,n,a=l.querySelectorAll('iframe[data-secret=\"'+t.secret+'\"]'),o=l.querySelectorAll('blockquote[data-secret=\"'+t.secret+'\"]'),c=new RegExp(\"^https?:$\",\"i\"),i=0;i<o.length;i++)o[i].style.display=\"none\";for(i=0;i<a.length;i++)s=a[i],e.source===s.contentWindow&&(s.removeAttribute(\"style\"),\"height\"===t.message?(1e3<(r=parseInt(t.value,10))?r=1e3:~~r<200&&(r=200),s.height=r):\"link\"===t.message&&(r=new URL(s.getAttribute(\"src\")),n=new URL(t.value),c.test(n.protocol))&&n.host===r.host&&l.activeElement===s&&(d.top.location.href=t.value))}},d.addEventListener(\"message\",d.wp.receiveEmbedMessage,!1),l.addEventListener(\"DOMContentLoaded\",function(){for(var e,t,s=l.querySelectorAll(\"iframe.wp-embedded-content\"),r=0;r<s.length;r++)(t=(e=s[r]).getAttribute(\"data-secret\"))||(t=Math.random().toString(36).substring(2,12),e.src+=\"#?secret=\"+t,e.setAttribute(\"data-secret\",t)),e.contentWindow.postMessage({message:\"ready\",secret:t},\"*\")},!1)))}(window,document);\n\/\/# sourceURL=https:\/\/ecolatina.com\/wp-includes\/js\/wp-embed.min.js\n\/* ]]> *\/\n<\/script>","thumbnail_url":"http:\/\/ecolatina-2018.appspot.com.storage.googleapis.com\/MULC-diario-y-brecha-1.png","thumbnail_width":600,"thumbnail_height":395,"description":"Pese a los contrapuntos (pol\u00edticos y sociales) evidenciados recientemente y a los diversos impactos que tuvo el primer paquete de medidas econ\u00f3micas de la nueva gesti\u00f3n, una sorprendente calma cambiaria ha sido la constante desde la asunci\u00f3n de Javier Milei. \u00bfQu\u00e9 explica dicha din\u00e1mica? \u00bfQu\u00e9 tan sostenible es en el [&hellip;]"}